{"id":141360,"date":"2024-04-09T14:26:17","date_gmt":"2024-04-09T12:26:17","guid":{"rendered":"https:\/\/cloodmanager.net\/?post_type=product&#038;p=141360"},"modified":"2024-08-08T13:00:26","modified_gmt":"2024-08-08T11:00:26","slug":"creme-teintee-spf-50-50-ml-avene","status":"publish","type":"product","link":"https:\/\/prixgro.com\/ar\/product\/creme-teintee-spf-50-50-ml-avene\/","title":{"rendered":"CR\u00c8ME TEINT\u00c9E SPF 50+ 50 ml- Av\u00e9ne"},"content":{"rendered":"<ul id=\"descProduct\" class=\"nav nav-tabs no-gutters mt-4 mb-2\" role=\"tablist\">\n<li class=\"col-4 nav-item\">\n<h3 class=\"title-brand font-weight-bold mb-0 pb-2\">DESCRIPTION<\/h3>\n<\/li>\n<\/ul>\n<div id=\"myTabContent\" class=\"tab-content\">\n<div id=\"longDescription\" class=\"tab-pane fade active show\" role=\"tabpanel\" aria-labelledby=\"longDescription-tab\">\n<section id=\"section-description\" class=\"content-section section-link-sticky-js\" data-sticky=\"description\">\n<div class=\"content-center\">\n<div class=\"section-description-content\">\n<div class=\"toggle-content\">\n<div class=\"toggle-content-caption\">Innovation Sensation peau nue : &#8211; Imperceptible sur la peau. &#8211; Fini non gras, non collant. &#8211; P\u00e9n\u00e9tration rapide. Association exclusive d&#8217;actifs, Sunsitive\u00ae protection, issue de la Recherche Pierre Fabre : &#8211; Minimum de filtres, stables et efficaces dans le temps, offrant une protection UVB-UVA optimale. &#8211; Complexe antioxydant (Pr\u00e9-tocoph\u00e9ryl + Thialidine), pour une protection cellulaire globale. &#8211; Eau thermale d&#8217;Av\u00e8ne, reconnue pour ses propri\u00e9t\u00e9s apaisantes, anti-irritantes et adoucissantes. Sa texture velout\u00e9e et d\u00e9licatement teint\u00e9e unifie la peau pour un teint lumineux et \u00e9clatant. Formule biod\u00e9gradable. Tube-pompe airless : pratique, il permet de doser facilement la juste quantit\u00e9 de produit \u00e0 appliquer.<\/div>\n<\/div>\n<hr>\n<\/div>\n<\/div>\n<\/section>\n<section id=\"section-avis\" class=\"content-section section-link-sticky-js\" data-sticky=\"avis\">\n<div class=\"content-center\"><\/div>\n<\/section>\n<\/div>\n<\/div>\n<div role=\"tabpanel\" aria-labelledby=\"longDescription-tab\">\n<h3 class=\"title-brand font-weight-bold mb-0 pb-2\"><span style=\"color: #ff6600\" data-mce-style=\"color: #ff6600;\"><strong>UTILISATION:<\/strong><\/span><\/h3>\n<p>Appliquer avant l&#8217;exposition sur l&#8217;ensemble du visage. Renouveler fr\u00e9quemment pour maintenir la protection, surtout apr\u00e8s avoir transpir\u00e9, avoir nag\u00e9 ou s&#8217;\u00eatre essuy\u00e9. \u00c9viter l&#8217;exposition au soleil entre 11 h et 16 h.<\/p>\n<div id=\"myTabContent\" class=\"tab-content\">\n<div id=\"usage\" class=\"tab-pane fade active show\" role=\"tabpanel\" aria-labelledby=\"usage-tab\">\n<p><span style=\"color: #ff0000\" data-mce-style=\"color: #ff0000;\">&#8211; Peaux hypersensibles au soleil.<\/span><br \/><span style=\"color: #ff0000\" data-mce-style=\"color: #ff0000;\">&#8211; Peaux toujours sujettes aux coups de soleil.<\/span><br \/><span style=\"color: #ff0000\" data-mce-style=\"color: #ff0000;\">&#8211; Peaux expos\u00e9es \u00e0 un ensoleillement intense.<\/span><\/p>\n<\/div>\n<div role=\"tabpanel\" aria-labelledby=\"usage-tab\">\n<hr>\n<\/div>\n<div role=\"tabpanel\" aria-labelledby=\"usage-tab\"><\/div>\n<\/div>\n<div role=\"tabpanel\" aria-labelledby=\"usage-tab\">\n<ul>\n<li>\n<h3 class=\"title-brand font-weight-bold mb-0 pb-2\"><span style=\"color: #008080\" data-mce-style=\"color: #008080;\">COMPOSITION<\/span><\/h3>\n<\/li>\n<\/ul>\n<\/div>\n<\/div>\n<p><em>Cr\u00e8me teint\u00e9e SPF 50+ : Il est recommand\u00e9 au consommateur de v\u00e9rifier syst\u00e9matiquement la composition du produit avant son achat. AVENE THERMAL SPRING WATER (AVENE AQUA). C12-15 ALKYL BENZOATE. COCO-CAPRYLATE\/CAPRATE. METHYLENE BIS-BENZOTRIAZOLYL TETRAMETHYLBUTYLPHENOL [NANO]. WATER (AQUA). CAPRYLIC\/CAPRIC TRIGLYCERIDE. BIS-ETHYLHEXYLOXYPHENOL METHOXYPHENYL TRIAZINE. DIETHYLHEXYL BUTAMIDO TRIAZONE. GLYCERIN. SILICA. BUTYL METHOXYDIBENZOYLMETHANE\/ POTASSIUM CETYL PHOSPHATE. MICA. TITANIUM DIOXIDE (CI 77891). DECYL GLUCOSIDE. VP\/EICOSENE COPOLYMER. ACRYLATES\/C10-30 ALKYL ACRYLATE CROSSPOLYMER. ASCORBYL GLUCOSIDE. BENZOIC ACID. BUTYLENE GLYCOL. CAPRYLYL GLYCOL. CARBOMER. DISODIUM EDTA. FRAGRANCE (PARFUM). GLYCERYL BEHENATE. GLYCERYL DIBEHENATE. HELIANTHUS ANNUUS (SUNFLOWER) SEED OIL (HELIANTHUS ANNUUS SEED OIL). IRON OXIDES (CI 77492) (CI 77491) (CI 77499). OXOTHIAZOLIDINE. PROPYLENE GLYCOL. SODIUM BENZOATE. SODIUM HYDROXIDE. TOCOPHEROL. TOCOPHERYL GLUCOSIDE. TRIBEHENIN. XANTHAN GUM.<\/em><\/p>","protected":false},"excerpt":{"rendered":"<div><\/div>\n<div>\n<h2 class=\"product-capacity\"><span style=\"color: #de6c2a\" data-mce-style=\"color: #de6c2a;\">Tube pompe 50 ml<\/span><\/h2>\n<p>Tr\u00e8s haute protection solaire pour la peau sensible s\u00e8che du visage.<br \/>Tr\u00e8s large protection UVB-UVA. Photostable.<br \/>Unifiant. Texture confort.<\/p>\n<\/div>","protected":false},"featured_media":258,"comment_status":"open","ping_status":"closed","template":"","meta":[],"product_cat":[35,17,36],"product_tag":[475,45],"berocket_brand":[],"class_list":{"0":"post-141360","1":"product","2":"type-product","3":"status-publish","4":"has-post-thumbnail","6":"product_cat-protection-solaire","7":"product_cat-soin-et-bien-etre","8":"product_cat-visage-soin-et-bien-etre","9":"product_tag-peaux-seches-3","10":"product_tag-peaux-sensibles","12":"first","13":"outofstock","14":"shipping-taxable","15":"purchasable","16":"product-type-simple"},"yoast_head":"<!-- This site is optimized with the Yoast SEO plugin v24.8 - https:\/\/yoast.com\/wordpress\/plugins\/seo\/ -->\n<title>CR\u00c8ME TEINT\u00c9E SPF 50+ 50 ml- Av\u00e9ne - Prixgro<\/title>\n<meta name=\"robots\" content=\"index, follow, max-snippet:-1, max-image-preview:large, max-video-preview:-1\" \/>\n<link rel=\"canonical\" href=\"https:\/\/prixgro.com\/ar\/product\/creme-teintee-spf-50-50-ml-avene\/\" \/>\n<meta property=\"og:locale\" content=\"ar_AR\" \/>\n<meta property=\"og:type\" content=\"article\" \/>\n<meta property=\"og:title\" content=\"CR\u00c8ME TEINT\u00c9E SPF 50+ 50 ml- Av\u00e9ne - Prixgro\" \/>\n<meta property=\"og:description\" content=\"Tube pompe 50 mlTr\u00e8s haute protection solaire pour la peau sensible s\u00e8che du visage.Tr\u00e8s large protection UVB-UVA. Photostable.Unifiant. Texture confort.\" \/>\n<meta property=\"og:url\" content=\"https:\/\/prixgro.com\/ar\/product\/creme-teintee-spf-50-50-ml-avene\/\" \/>\n<meta property=\"og:site_name\" content=\"Prixgro\" \/>\n<meta property=\"article:publisher\" content=\"https:\/\/www.facebook.com\/Pharmacima\" \/>\n<meta property=\"article:modified_time\" content=\"2024-08-08T11:00:26+00:00\" \/>\n<meta property=\"og:image\" content=\"https:\/\/prixgro.com\/wp-content\/uploads\/2023\/09\/the-ordinary-1.png\" \/>\n\t<meta property=\"og:image:width\" content=\"540\" \/>\n\t<meta property=\"og:image:height\" content=\"540\" \/>\n\t<meta property=\"og:image:type\" content=\"image\/png\" \/>\n<meta name=\"twitter:card\" content=\"summary_large_image\" \/>\n<meta name=\"twitter:label1\" content=\"\u0648\u0642\u062a \u0627\u0644\u0642\u0631\u0627\u0621\u0629 \u0627\u0644\u0645\u064f\u0642\u062f\u0651\u0631\" \/>\n\t<meta name=\"twitter:data1\" content=\"\u062f\u0642\u064a\u0642\u0629 \u0648\u0627\u062d\u062f\u0629\" \/>\n<script type=\"application\/ld+json\" class=\"yoast-schema-graph\">{\"@context\":\"https:\/\/schema.org\",\"@graph\":[{\"@type\":\"WebPage\",\"@id\":\"https:\/\/prixgro.com\/product\/creme-teintee-spf-50-50-ml-avene\/\",\"url\":\"https:\/\/prixgro.com\/product\/creme-teintee-spf-50-50-ml-avene\/\",\"name\":\"CR\u00c8ME TEINT\u00c9E SPF 50+ 50 ml- Av\u00e9ne - Prixgro\",\"isPartOf\":{\"@id\":\"https:\/\/prixgro.com\/#website\"},\"primaryImageOfPage\":{\"@id\":\"https:\/\/prixgro.com\/product\/creme-teintee-spf-50-50-ml-avene\/#primaryimage\"},\"image\":{\"@id\":\"https:\/\/prixgro.com\/product\/creme-teintee-spf-50-50-ml-avene\/#primaryimage\"},\"thumbnailUrl\":\"https:\/\/prixgro.com\/wp-content\/uploads\/2023\/09\/the-ordinary-1.png\",\"datePublished\":\"2024-04-09T12:26:17+00:00\",\"dateModified\":\"2024-08-08T11:00:26+00:00\",\"breadcrumb\":{\"@id\":\"https:\/\/prixgro.com\/product\/creme-teintee-spf-50-50-ml-avene\/#breadcrumb\"},\"inLanguage\":\"ar\",\"potentialAction\":[{\"@type\":\"ReadAction\",\"target\":[\"https:\/\/prixgro.com\/product\/creme-teintee-spf-50-50-ml-avene\/\"]}]},{\"@type\":\"ImageObject\",\"inLanguage\":\"ar\",\"@id\":\"https:\/\/prixgro.com\/product\/creme-teintee-spf-50-50-ml-avene\/#primaryimage\",\"url\":\"https:\/\/prixgro.com\/wp-content\/uploads\/2023\/09\/the-ordinary-1.png\",\"contentUrl\":\"https:\/\/prixgro.com\/wp-content\/uploads\/2023\/09\/the-ordinary-1.png\",\"width\":540,\"height\":540},{\"@type\":\"BreadcrumbList\",\"@id\":\"https:\/\/prixgro.com\/product\/creme-teintee-spf-50-50-ml-avene\/#breadcrumb\",\"itemListElement\":[{\"@type\":\"ListItem\",\"position\":1,\"name\":\"Accueil\",\"item\":\"https:\/\/prixgro.com\/\"},{\"@type\":\"ListItem\",\"position\":2,\"name\":\"Boutique en ligne\",\"item\":\"https:\/\/prixgro.com\/shop\/\"},{\"@type\":\"ListItem\",\"position\":3,\"name\":\"CR\u00c8ME TEINT\u00c9E SPF 50+ 50 ml- Av\u00e9ne\"}]},{\"@type\":\"WebSite\",\"@id\":\"https:\/\/prixgro.com\/#website\",\"url\":\"https:\/\/prixgro.com\/\",\"name\":\"Prixgro.com\",\"description\":\"Para Pharmaceutique et Cosm\u00e9tique\",\"publisher\":{\"@id\":\"https:\/\/prixgro.com\/#organization\"},\"potentialAction\":[{\"@type\":\"SearchAction\",\"target\":{\"@type\":\"EntryPoint\",\"urlTemplate\":\"https:\/\/prixgro.com\/?s={search_term_string}\"},\"query-input\":{\"@type\":\"PropertyValueSpecification\",\"valueRequired\":true,\"valueName\":\"search_term_string\"}}],\"inLanguage\":\"ar\"},{\"@type\":\"Organization\",\"@id\":\"https:\/\/prixgro.com\/#organization\",\"name\":\"Prixgro\",\"url\":\"https:\/\/prixgro.com\/\",\"logo\":{\"@type\":\"ImageObject\",\"inLanguage\":\"ar\",\"@id\":\"https:\/\/prixgro.com\/#\/schema\/logo\/image\/\",\"url\":\"https:\/\/prixgro.com\/wp-content\/uploads\/2024\/08\/cropped-Nouveau-projet-2.png\",\"contentUrl\":\"https:\/\/prixgro.com\/wp-content\/uploads\/2024\/08\/cropped-Nouveau-projet-2.png\",\"width\":265,\"height\":62,\"caption\":\"Prixgro\"},\"image\":{\"@id\":\"https:\/\/prixgro.com\/#\/schema\/logo\/image\/\"},\"sameAs\":[\"https:\/\/www.facebook.com\/Pharmacima\"]}]}<\/script>\n<!-- \/ Yoast SEO plugin. -->","yoast_head_json":{"title":"CR\u00c8ME TEINT\u00c9E SPF 50+ 50 ml- Av\u00e9ne - Prixgro","robots":{"index":"index","follow":"follow","max-snippet":"max-snippet:-1","max-image-preview":"max-image-preview:large","max-video-preview":"max-video-preview:-1"},"canonical":"https:\/\/prixgro.com\/ar\/product\/creme-teintee-spf-50-50-ml-avene\/","og_locale":"ar_AR","og_type":"article","og_title":"CR\u00c8ME TEINT\u00c9E SPF 50+ 50 ml- Av\u00e9ne - Prixgro","og_description":"Tube pompe 50 mlTr\u00e8s haute protection solaire pour la peau sensible s\u00e8che du visage.Tr\u00e8s large protection UVB-UVA. Photostable.Unifiant. Texture confort.","og_url":"https:\/\/prixgro.com\/ar\/product\/creme-teintee-spf-50-50-ml-avene\/","og_site_name":"Prixgro","article_publisher":"https:\/\/www.facebook.com\/Pharmacima","article_modified_time":"2024-08-08T11:00:26+00:00","og_image":[{"width":540,"height":540,"url":"https:\/\/prixgro.com\/wp-content\/uploads\/2023\/09\/the-ordinary-1.png","type":"image\/png"}],"twitter_card":"summary_large_image","twitter_misc":{"\u0648\u0642\u062a \u0627\u0644\u0642\u0631\u0627\u0621\u0629 \u0627\u0644\u0645\u064f\u0642\u062f\u0651\u0631":"\u062f\u0642\u064a\u0642\u0629 \u0648\u0627\u062d\u062f\u0629"},"schema":{"@context":"https:\/\/schema.org","@graph":[{"@type":"WebPage","@id":"https:\/\/prixgro.com\/product\/creme-teintee-spf-50-50-ml-avene\/","url":"https:\/\/prixgro.com\/product\/creme-teintee-spf-50-50-ml-avene\/","name":"CR\u00c8ME TEINT\u00c9E SPF 50+ 50 ml- Av\u00e9ne - Prixgro","isPartOf":{"@id":"https:\/\/prixgro.com\/#website"},"primaryImageOfPage":{"@id":"https:\/\/prixgro.com\/product\/creme-teintee-spf-50-50-ml-avene\/#primaryimage"},"image":{"@id":"https:\/\/prixgro.com\/product\/creme-teintee-spf-50-50-ml-avene\/#primaryimage"},"thumbnailUrl":"https:\/\/prixgro.com\/wp-content\/uploads\/2023\/09\/the-ordinary-1.png","datePublished":"2024-04-09T12:26:17+00:00","dateModified":"2024-08-08T11:00:26+00:00","breadcrumb":{"@id":"https:\/\/prixgro.com\/product\/creme-teintee-spf-50-50-ml-avene\/#breadcrumb"},"inLanguage":"ar","potentialAction":[{"@type":"ReadAction","target":["https:\/\/prixgro.com\/product\/creme-teintee-spf-50-50-ml-avene\/"]}]},{"@type":"ImageObject","inLanguage":"ar","@id":"https:\/\/prixgro.com\/product\/creme-teintee-spf-50-50-ml-avene\/#primaryimage","url":"https:\/\/prixgro.com\/wp-content\/uploads\/2023\/09\/the-ordinary-1.png","contentUrl":"https:\/\/prixgro.com\/wp-content\/uploads\/2023\/09\/the-ordinary-1.png","width":540,"height":540},{"@type":"BreadcrumbList","@id":"https:\/\/prixgro.com\/product\/creme-teintee-spf-50-50-ml-avene\/#breadcrumb","itemListElement":[{"@type":"ListItem","position":1,"name":"Accueil","item":"https:\/\/prixgro.com\/"},{"@type":"ListItem","position":2,"name":"Boutique en ligne","item":"https:\/\/prixgro.com\/shop\/"},{"@type":"ListItem","position":3,"name":"CR\u00c8ME TEINT\u00c9E SPF 50+ 50 ml- Av\u00e9ne"}]},{"@type":"WebSite","@id":"https:\/\/prixgro.com\/#website","url":"https:\/\/prixgro.com\/","name":"Prixgro.com","description":"Para Pharmaceutique et Cosm\u00e9tique","publisher":{"@id":"https:\/\/prixgro.com\/#organization"},"potentialAction":[{"@type":"SearchAction","target":{"@type":"EntryPoint","urlTemplate":"https:\/\/prixgro.com\/?s={search_term_string}"},"query-input":{"@type":"PropertyValueSpecification","valueRequired":true,"valueName":"search_term_string"}}],"inLanguage":"ar"},{"@type":"Organization","@id":"https:\/\/prixgro.com\/#organization","name":"Prixgro","url":"https:\/\/prixgro.com\/","logo":{"@type":"ImageObject","inLanguage":"ar","@id":"https:\/\/prixgro.com\/#\/schema\/logo\/image\/","url":"https:\/\/prixgro.com\/wp-content\/uploads\/2024\/08\/cropped-Nouveau-projet-2.png","contentUrl":"https:\/\/prixgro.com\/wp-content\/uploads\/2024\/08\/cropped-Nouveau-projet-2.png","width":265,"height":62,"caption":"Prixgro"},"image":{"@id":"https:\/\/prixgro.com\/#\/schema\/logo\/image\/"},"sameAs":["https:\/\/www.facebook.com\/Pharmacima"]}]}},"_links":{"self":[{"href":"https:\/\/prixgro.com\/ar\/wp-json\/wp\/v2\/product\/141360","targetHints":{"allow":["GET"]}}],"collection":[{"href":"https:\/\/prixgro.com\/ar\/wp-json\/wp\/v2\/product"}],"about":[{"href":"https:\/\/prixgro.com\/ar\/wp-json\/wp\/v2\/types\/product"}],"replies":[{"embeddable":true,"href":"https:\/\/prixgro.com\/ar\/wp-json\/wp\/v2\/comments?post=141360"}],"wp:featuredmedia":[{"embeddable":true,"href":"https:\/\/prixgro.com\/ar\/wp-json\/wp\/v2\/media\/258"}],"wp:attachment":[{"href":"https:\/\/prixgro.com\/ar\/wp-json\/wp\/v2\/media?parent=141360"}],"wp:term":[{"taxonomy":"product_cat","embeddable":true,"href":"https:\/\/prixgro.com\/ar\/wp-json\/wp\/v2\/product_cat?post=141360"},{"taxonomy":"product_tag","embeddable":true,"href":"https:\/\/prixgro.com\/ar\/wp-json\/wp\/v2\/product_tag?post=141360"},{"taxonomy":"berocket_brand","embeddable":true,"href":"https:\/\/prixgro.com\/ar\/wp-json\/wp\/v2\/berocket_brand?post=141360"}],"curies":[{"name":"wp","href":"https:\/\/api.w.org\/{rel}","templated":true}]}}