{"id":141533,"date":"2024-04-09T14:27:20","date_gmt":"2024-04-09T12:27:20","guid":{"rendered":"https:\/\/cloodmanager.net\/?post_type=product&#038;p=141533"},"modified":"2024-08-08T13:09:07","modified_gmt":"2024-08-08T11:09:07","slug":"urea-repair-creme-visage-uree-5-50ml-eucerin","status":"publish","type":"product","link":"https:\/\/prixgro.com\/ar\/product\/urea-repair-creme-visage-uree-5-50ml-eucerin\/","title":{"rendered":"Urea repair cr\u00e8me visage ur\u00e9e 5% 50ml Eucerin"},"content":{"rendered":"<div id=\"detail\">\n<div class=\"dp09\">\n<h3>Cr\u00e8me Visage 5% d&#8217;Ur\u00e9e.<br \/>Peaux s\u00e8ches, tr\u00e8s s\u00e8ches et \u00e0 tendance atopique.<br \/>Peaux dess\u00e9ch\u00e9es par les traitements m\u00e9dicamenteux.<\/h3>\n<p>Ce soin quotidien du visage pour peaux s\u00e8ches, tr\u00e8s s\u00e8ches et \u00e0 tendance atopique peut \u00eatre utilis\u00e9 comme cr\u00e8me de jour et comme base avant le maquillage.<\/p>\n<p><strong>Sp\u00e9cificit\u00e9s :\u00a0<\/strong><br \/>Contient de l&#8217;Ur\u00e9e : agent naturel d&#8217;hydro fixation (naturellement pr\u00e9sent dans la peau)<\/p>\n<p>P\u00e9n\u00e8tre instantan\u00e9ment gr\u00e2ce \u00e0 sa texture l\u00e9g\u00e8re et non grasse.<\/p>\n<p>+ d&#8217;informations :<br \/>Eucerin\u00ae Peau S\u00e8che est une gamme de produits de soins et d&#8217;hygi\u00e8ne r\u00e9pondant aux besoins sp\u00e9cifiques des peaux s\u00e8ches, tr\u00e8s s\u00e8ches et \u00e0 tendance atopique.<br \/>La gamme \u00e0 l&#8217;Ur\u00e9e Eucerin\u00ae Peau S\u00e8che (Ur\u00e9e : agent hydro-fixateur naturellement pr\u00e9sent dans la peau) apporte \u00e0 la peau l&#8217;hydratation* longue dur\u00e9e dont elle a besoin.<\/p>\n<p>R\u00e9sultats :<br \/>R\u00e9duit d\u00e8s les premi\u00e8res applications les sensations de tiraillement et d&#8217;irritations<br \/>Procure une hydratation efficace et imm\u00e9diate des couches sup\u00e9rieures de l&#8217;\u00e9piderme<br \/>Assouplit et lisse la peau.<\/p>\n<h3>Composition :<\/h3>\n<p>Aqua, Urea, Glycerin, Caprylic\/Capric Triglyceride, Cyclomethicone, Dimethicone, Pentaerythrityl Tetraisostearate, Triisostearin, Cetyl Alcohol, Sodium Lactate, Glyceryl Stearate, Benzyl Alcohol, PEG-40 Stearate, Methylparaben, Lactic Acid, Lanolin Alcohol, Phenoxyethanol, Biosaccharide Gum-1, Butylparaben, Ethylparaben, Isobutylparaben, Propylparaben.<\/p>\n<p>Sans parfum &#8211; Sans Colorant &#8211; Hypoallerg\u00e9nique*<br \/>* formul\u00e9 et test\u00e9 de mani\u00e8re \u00e0 minimiser les risques de r\u00e9action allergique<\/p>\n<\/div>\n<\/div>\n<div id=\"pdt_popup_basket\"><\/div>\n<div id=\"list\" class=\"associed\">\n<div id=\"extra_list_associed\"><\/div>\n<\/div>","protected":false},"excerpt":{"rendered":"<h3>Peaux s\u00e8ches, tr\u00e8s s\u00e8ches et \u00e0 tendance atopique.<\/h3>\n<p>Peaux dess\u00e9ch\u00e9es par les traitements m\u00e9dicamenteux.<\/p>","protected":false},"featured_media":1066,"comment_status":"open","ping_status":"closed","template":"","meta":[],"product_cat":[17,36],"product_tag":[],"berocket_brand":[],"class_list":{"0":"post-141533","1":"product","2":"type-product","3":"status-publish","4":"has-post-thumbnail","6":"product_cat-soin-et-bien-etre","7":"product_cat-visage-soin-et-bien-etre","9":"first","10":"outofstock","11":"shipping-taxable","12":"purchasable","13":"product-type-simple"},"yoast_head":"<!-- This site is optimized with the Yoast SEO plugin v24.8 - https:\/\/yoast.com\/wordpress\/plugins\/seo\/ -->\n<title>Urea repair cr\u00e8me visage ur\u00e9e 5% 50ml Eucerin - Prixgro<\/title>\n<meta name=\"robots\" content=\"index, follow, max-snippet:-1, max-image-preview:large, max-video-preview:-1\" \/>\n<link rel=\"canonical\" href=\"https:\/\/prixgro.com\/ar\/product\/urea-repair-creme-visage-uree-5-50ml-eucerin\/\" \/>\n<meta property=\"og:locale\" content=\"ar_AR\" \/>\n<meta property=\"og:type\" content=\"article\" \/>\n<meta property=\"og:title\" content=\"Urea repair cr\u00e8me visage ur\u00e9e 5% 50ml Eucerin - Prixgro\" \/>\n<meta property=\"og:description\" content=\"Peaux s\u00e8ches, tr\u00e8s s\u00e8ches et \u00e0 tendance atopique.Peaux dess\u00e9ch\u00e9es par les traitements m\u00e9dicamenteux.\" \/>\n<meta property=\"og:url\" content=\"https:\/\/prixgro.com\/ar\/product\/urea-repair-creme-visage-uree-5-50ml-eucerin\/\" \/>\n<meta property=\"og:site_name\" content=\"Prixgro\" \/>\n<meta property=\"article:publisher\" content=\"https:\/\/www.facebook.com\/Pharmacima\" \/>\n<meta property=\"article:modified_time\" content=\"2024-08-08T11:09:07+00:00\" \/>\n<meta property=\"og:image\" content=\"https:\/\/prixgro.com\/wp-content\/uploads\/2023\/09\/eucerin-5-creme-visage-e1610546009912.jpg\" \/>\n\t<meta property=\"og:image:width\" content=\"300\" \/>\n\t<meta property=\"og:image:height\" content=\"300\" \/>\n\t<meta property=\"og:image:type\" content=\"image\/jpeg\" \/>\n<meta name=\"twitter:card\" content=\"summary_large_image\" \/>\n<meta name=\"twitter:label1\" content=\"\u0648\u0642\u062a \u0627\u0644\u0642\u0631\u0627\u0621\u0629 \u0627\u0644\u0645\u064f\u0642\u062f\u0651\u0631\" \/>\n\t<meta name=\"twitter:data1\" content=\"\u062f\u0642\u064a\u0642\u0629 \u0648\u0627\u062d\u062f\u0629\" \/>\n<script type=\"application\/ld+json\" class=\"yoast-schema-graph\">{\"@context\":\"https:\/\/schema.org\",\"@graph\":[{\"@type\":\"WebPage\",\"@id\":\"https:\/\/prixgro.com\/product\/urea-repair-creme-visage-uree-5-50ml-eucerin\/\",\"url\":\"https:\/\/prixgro.com\/product\/urea-repair-creme-visage-uree-5-50ml-eucerin\/\",\"name\":\"Urea repair cr\u00e8me visage ur\u00e9e 5% 50ml Eucerin - Prixgro\",\"isPartOf\":{\"@id\":\"https:\/\/prixgro.com\/#website\"},\"primaryImageOfPage\":{\"@id\":\"https:\/\/prixgro.com\/product\/urea-repair-creme-visage-uree-5-50ml-eucerin\/#primaryimage\"},\"image\":{\"@id\":\"https:\/\/prixgro.com\/product\/urea-repair-creme-visage-uree-5-50ml-eucerin\/#primaryimage\"},\"thumbnailUrl\":\"https:\/\/prixgro.com\/wp-content\/uploads\/2023\/09\/eucerin-5-creme-visage-e1610546009912.jpg\",\"datePublished\":\"2024-04-09T12:27:20+00:00\",\"dateModified\":\"2024-08-08T11:09:07+00:00\",\"breadcrumb\":{\"@id\":\"https:\/\/prixgro.com\/product\/urea-repair-creme-visage-uree-5-50ml-eucerin\/#breadcrumb\"},\"inLanguage\":\"ar\",\"potentialAction\":[{\"@type\":\"ReadAction\",\"target\":[\"https:\/\/prixgro.com\/product\/urea-repair-creme-visage-uree-5-50ml-eucerin\/\"]}]},{\"@type\":\"ImageObject\",\"inLanguage\":\"ar\",\"@id\":\"https:\/\/prixgro.com\/product\/urea-repair-creme-visage-uree-5-50ml-eucerin\/#primaryimage\",\"url\":\"https:\/\/prixgro.com\/wp-content\/uploads\/2023\/09\/eucerin-5-creme-visage-e1610546009912.jpg\",\"contentUrl\":\"https:\/\/prixgro.com\/wp-content\/uploads\/2023\/09\/eucerin-5-creme-visage-e1610546009912.jpg\",\"width\":300,\"height\":300},{\"@type\":\"BreadcrumbList\",\"@id\":\"https:\/\/prixgro.com\/product\/urea-repair-creme-visage-uree-5-50ml-eucerin\/#breadcrumb\",\"itemListElement\":[{\"@type\":\"ListItem\",\"position\":1,\"name\":\"Accueil\",\"item\":\"https:\/\/prixgro.com\/\"},{\"@type\":\"ListItem\",\"position\":2,\"name\":\"Boutique en ligne\",\"item\":\"https:\/\/prixgro.com\/shop\/\"},{\"@type\":\"ListItem\",\"position\":3,\"name\":\"Urea repair cr\u00e8me visage ur\u00e9e 5% 50ml Eucerin\"}]},{\"@type\":\"WebSite\",\"@id\":\"https:\/\/prixgro.com\/#website\",\"url\":\"https:\/\/prixgro.com\/\",\"name\":\"Prixgro.com\",\"description\":\"Para Pharmaceutique et Cosm\u00e9tique\",\"publisher\":{\"@id\":\"https:\/\/prixgro.com\/#organization\"},\"potentialAction\":[{\"@type\":\"SearchAction\",\"target\":{\"@type\":\"EntryPoint\",\"urlTemplate\":\"https:\/\/prixgro.com\/?s={search_term_string}\"},\"query-input\":{\"@type\":\"PropertyValueSpecification\",\"valueRequired\":true,\"valueName\":\"search_term_string\"}}],\"inLanguage\":\"ar\"},{\"@type\":\"Organization\",\"@id\":\"https:\/\/prixgro.com\/#organization\",\"name\":\"Prixgro\",\"url\":\"https:\/\/prixgro.com\/\",\"logo\":{\"@type\":\"ImageObject\",\"inLanguage\":\"ar\",\"@id\":\"https:\/\/prixgro.com\/#\/schema\/logo\/image\/\",\"url\":\"https:\/\/prixgro.com\/wp-content\/uploads\/2024\/08\/cropped-Nouveau-projet-2.png\",\"contentUrl\":\"https:\/\/prixgro.com\/wp-content\/uploads\/2024\/08\/cropped-Nouveau-projet-2.png\",\"width\":265,\"height\":62,\"caption\":\"Prixgro\"},\"image\":{\"@id\":\"https:\/\/prixgro.com\/#\/schema\/logo\/image\/\"},\"sameAs\":[\"https:\/\/www.facebook.com\/Pharmacima\"]}]}<\/script>\n<!-- \/ Yoast SEO plugin. -->","yoast_head_json":{"title":"Urea repair cr\u00e8me visage ur\u00e9e 5% 50ml Eucerin - Prixgro","robots":{"index":"index","follow":"follow","max-snippet":"max-snippet:-1","max-image-preview":"max-image-preview:large","max-video-preview":"max-video-preview:-1"},"canonical":"https:\/\/prixgro.com\/ar\/product\/urea-repair-creme-visage-uree-5-50ml-eucerin\/","og_locale":"ar_AR","og_type":"article","og_title":"Urea repair cr\u00e8me visage ur\u00e9e 5% 50ml Eucerin - Prixgro","og_description":"Peaux s\u00e8ches, tr\u00e8s s\u00e8ches et \u00e0 tendance atopique.Peaux dess\u00e9ch\u00e9es par les traitements m\u00e9dicamenteux.","og_url":"https:\/\/prixgro.com\/ar\/product\/urea-repair-creme-visage-uree-5-50ml-eucerin\/","og_site_name":"Prixgro","article_publisher":"https:\/\/www.facebook.com\/Pharmacima","article_modified_time":"2024-08-08T11:09:07+00:00","og_image":[{"width":300,"height":300,"url":"https:\/\/prixgro.com\/wp-content\/uploads\/2023\/09\/eucerin-5-creme-visage-e1610546009912.jpg","type":"image\/jpeg"}],"twitter_card":"summary_large_image","twitter_misc":{"\u0648\u0642\u062a \u0627\u0644\u0642\u0631\u0627\u0621\u0629 \u0627\u0644\u0645\u064f\u0642\u062f\u0651\u0631":"\u062f\u0642\u064a\u0642\u0629 \u0648\u0627\u062d\u062f\u0629"},"schema":{"@context":"https:\/\/schema.org","@graph":[{"@type":"WebPage","@id":"https:\/\/prixgro.com\/product\/urea-repair-creme-visage-uree-5-50ml-eucerin\/","url":"https:\/\/prixgro.com\/product\/urea-repair-creme-visage-uree-5-50ml-eucerin\/","name":"Urea repair cr\u00e8me visage ur\u00e9e 5% 50ml Eucerin - Prixgro","isPartOf":{"@id":"https:\/\/prixgro.com\/#website"},"primaryImageOfPage":{"@id":"https:\/\/prixgro.com\/product\/urea-repair-creme-visage-uree-5-50ml-eucerin\/#primaryimage"},"image":{"@id":"https:\/\/prixgro.com\/product\/urea-repair-creme-visage-uree-5-50ml-eucerin\/#primaryimage"},"thumbnailUrl":"https:\/\/prixgro.com\/wp-content\/uploads\/2023\/09\/eucerin-5-creme-visage-e1610546009912.jpg","datePublished":"2024-04-09T12:27:20+00:00","dateModified":"2024-08-08T11:09:07+00:00","breadcrumb":{"@id":"https:\/\/prixgro.com\/product\/urea-repair-creme-visage-uree-5-50ml-eucerin\/#breadcrumb"},"inLanguage":"ar","potentialAction":[{"@type":"ReadAction","target":["https:\/\/prixgro.com\/product\/urea-repair-creme-visage-uree-5-50ml-eucerin\/"]}]},{"@type":"ImageObject","inLanguage":"ar","@id":"https:\/\/prixgro.com\/product\/urea-repair-creme-visage-uree-5-50ml-eucerin\/#primaryimage","url":"https:\/\/prixgro.com\/wp-content\/uploads\/2023\/09\/eucerin-5-creme-visage-e1610546009912.jpg","contentUrl":"https:\/\/prixgro.com\/wp-content\/uploads\/2023\/09\/eucerin-5-creme-visage-e1610546009912.jpg","width":300,"height":300},{"@type":"BreadcrumbList","@id":"https:\/\/prixgro.com\/product\/urea-repair-creme-visage-uree-5-50ml-eucerin\/#breadcrumb","itemListElement":[{"@type":"ListItem","position":1,"name":"Accueil","item":"https:\/\/prixgro.com\/"},{"@type":"ListItem","position":2,"name":"Boutique en ligne","item":"https:\/\/prixgro.com\/shop\/"},{"@type":"ListItem","position":3,"name":"Urea repair cr\u00e8me visage ur\u00e9e 5% 50ml Eucerin"}]},{"@type":"WebSite","@id":"https:\/\/prixgro.com\/#website","url":"https:\/\/prixgro.com\/","name":"Prixgro.com","description":"Para Pharmaceutique et Cosm\u00e9tique","publisher":{"@id":"https:\/\/prixgro.com\/#organization"},"potentialAction":[{"@type":"SearchAction","target":{"@type":"EntryPoint","urlTemplate":"https:\/\/prixgro.com\/?s={search_term_string}"},"query-input":{"@type":"PropertyValueSpecification","valueRequired":true,"valueName":"search_term_string"}}],"inLanguage":"ar"},{"@type":"Organization","@id":"https:\/\/prixgro.com\/#organization","name":"Prixgro","url":"https:\/\/prixgro.com\/","logo":{"@type":"ImageObject","inLanguage":"ar","@id":"https:\/\/prixgro.com\/#\/schema\/logo\/image\/","url":"https:\/\/prixgro.com\/wp-content\/uploads\/2024\/08\/cropped-Nouveau-projet-2.png","contentUrl":"https:\/\/prixgro.com\/wp-content\/uploads\/2024\/08\/cropped-Nouveau-projet-2.png","width":265,"height":62,"caption":"Prixgro"},"image":{"@id":"https:\/\/prixgro.com\/#\/schema\/logo\/image\/"},"sameAs":["https:\/\/www.facebook.com\/Pharmacima"]}]}},"_links":{"self":[{"href":"https:\/\/prixgro.com\/ar\/wp-json\/wp\/v2\/product\/141533","targetHints":{"allow":["GET"]}}],"collection":[{"href":"https:\/\/prixgro.com\/ar\/wp-json\/wp\/v2\/product"}],"about":[{"href":"https:\/\/prixgro.com\/ar\/wp-json\/wp\/v2\/types\/product"}],"replies":[{"embeddable":true,"href":"https:\/\/prixgro.com\/ar\/wp-json\/wp\/v2\/comments?post=141533"}],"wp:featuredmedia":[{"embeddable":true,"href":"https:\/\/prixgro.com\/ar\/wp-json\/wp\/v2\/media\/1066"}],"wp:attachment":[{"href":"https:\/\/prixgro.com\/ar\/wp-json\/wp\/v2\/media?parent=141533"}],"wp:term":[{"taxonomy":"product_cat","embeddable":true,"href":"https:\/\/prixgro.com\/ar\/wp-json\/wp\/v2\/product_cat?post=141533"},{"taxonomy":"product_tag","embeddable":true,"href":"https:\/\/prixgro.com\/ar\/wp-json\/wp\/v2\/product_tag?post=141533"},{"taxonomy":"berocket_brand","embeddable":true,"href":"https:\/\/prixgro.com\/ar\/wp-json\/wp\/v2\/berocket_brand?post=141533"}],"curies":[{"name":"wp","href":"https:\/\/api.w.org\/{rel}","templated":true}]}}