{"id":141619,"date":"2024-04-09T14:27:49","date_gmt":"2024-04-09T12:27:49","guid":{"rendered":"https:\/\/cloodmanager.net\/?post_type=product&#038;p=141619"},"modified":"2024-08-21T14:56:49","modified_gmt":"2024-08-21T12:56:49","slug":"sensifine-ar-creme-spf50-40ml-svr-sv","status":"publish","type":"product","link":"https:\/\/prixgro.com\/ar\/product\/sensifine-ar-creme-spf50-40ml-svr-sv\/","title":{"rendered":"Sensifine AR Cr\u00e8me SPF50+ 40ML SVR SV"},"content":{"rendered":"<h3><strong>DESCRIPTION :<\/strong><\/h3>\n<div class=\"tab tab-content-0 tab_content_main-description\" style=\"display: block\" data-mce-style=\"display: block;\">\n<div>\u00a0\u00a0 Cette cr\u00e8me apaise et prot\u00e8ge les peaux les plus<br \/>sensibles et sujettes\u00a0 aux rougeurs (passag\u00e8res ou permanentes). Elle<br \/>allie une haute protection solaire ( SPF 50+ anti UVA et UVB), un soin<br \/>apaisant ( gr\u00e2ce \u00e0\u00a0 l&#8217;extrait de r\u00e9glisse) et anti-rougeurs (gr\u00e2ce \u00e0<br \/>l&#8217;Endothelyol). Avec sa texture non grasse et incolore elle fond sur la<br \/>peau, la laissant intens\u00e9ment hydrat\u00e9e, apais\u00e9e et prot\u00e9g\u00e9e.<\/div>\n<\/div>\n<p>Sa formule contient des actifs dermatologiques \u00e0 hautes doses :<\/p>\n<p>&#8211; endothelyol : diminue les rougeurs, am\u00e9liore la microcirculation cutan\u00e9e et r\u00e9duit l&#8217;apparence des vaisseaux,<\/p>\n<p>&#8211; extrait de r\u00e9glisse : apaise et d\u00e9congestionne,<\/p>\n<p>&#8211; filtres UVA\/UVB : protection large spectre et photostable.<\/p>\n<p>Test\u00e9e sous contr\u00f4le dermatologique. Hypoallerg\u00e9nique. Non com\u00e9dog\u00e8ne.<\/p>\n<p>Sans parfum. Sans conservateur. Sans parab\u00e8nes. Sans colorant. Sans huile min\u00e9rale.<\/p>\n<p>Fabriqu\u00e9e en France.<\/p>\n<h3><strong>CONSEIL D&#8217;UTILISATION :<\/strong><\/h3>\n<p>Appliquer avant l&#8217;exposition solaire pour prot\u00e9ger la peau.<\/p>\n<p>Indication\u00a0:\u00a0Tr\u00e8s haute protection solaire apaisante anti-rougeurs.<\/p>\n<h3><strong>COMPOSITION:<\/strong><\/h3>\n<p>(CONTAINS) : AQUA (PURIFIED WATER), DIETHYLAMINO HYDROXYBENZOYL HEXYL BENZOATE, DIISOPROPYL ADIPATE, ETHYLHEXYL METHOXYCINNAMATE, CETEARYL ALCOHOL, BISETHYLHEXYLOXYPHENOL METHOXYPHENYL TRIAZINE, C12-15 ALKYL BENZOATE, CETEARETH-20, METHYL METHACRYLATE CROSSPOLYMER, GLYCERIN, ETHYLHEXYL TRIAZONE, SILICA, POLYMETHYL METHACRYLATE, DIMETHICONE, POLYESTER-7, HYDROXYETHYL ACRYLATE\/SODIUM ACRYLOYLDIMETHYL TAURATE COPOLYMER, PHENYLBENZIMIDAZOLE SULFONIC ACID, AMINOMETHYL PROPANOL, ARGININE, CAFFEYL GLUCOSIDE, CETEARYL DIMETHICONE CROSSPOLYMER, DIPOTASSIUM GLYCYRRHIZATE, GALLYL GLUCOSIDE, ROSMARINYL GLUCOSIDE, SQUALANE, TOCOPHERYL ACETATE, 1,2-HEXANEDIOL, CAPRYLYL GLYCOL, CITRIC ACID, NEOPENTYL GLYCOL DIHEPTANOATE, PENTYLENE GLYCOL, POLYSORBATE 60, SODIUM LAURETH SULFATE, SORBITAN ISOSTEARATE, XANTHAN GUM<\/p>\n<p>La liste des ingr\u00e9dients peut \u00eatre soumise \u00e0 des modifications, nous vous conseillons de v\u00e9rifier la liste figurant sur le produit achet\u00e9.<\/p>","protected":false},"excerpt":{"rendered":"<p>SENSIFINE AR Cr\u00e8me SPF50+ associe une tr\u00e8s haute protection \u00e0 des actifs apaisants et anti-rougeurs.<\/p>\n<p>Contenance: 40ml<\/p>","protected":false},"featured_media":1848,"comment_status":"open","ping_status":"closed","template":"","meta":[],"product_cat":[35,17,36],"product_tag":[],"berocket_brand":[],"class_list":{"0":"post-141619","1":"product","2":"type-product","3":"status-publish","4":"has-post-thumbnail","6":"product_cat-protection-solaire","7":"product_cat-soin-et-bien-etre","8":"product_cat-visage-soin-et-bien-etre","10":"first","11":"outofstock","12":"shipping-taxable","13":"purchasable","14":"product-type-simple"},"yoast_head":"<!-- This site is optimized with the Yoast SEO plugin v24.8 - https:\/\/yoast.com\/wordpress\/plugins\/seo\/ -->\n<title>Sensifine AR Cr\u00e8me SPF50+ 40ML SVR SV - Prixgro<\/title>\n<meta name=\"robots\" content=\"index, follow, max-snippet:-1, max-image-preview:large, max-video-preview:-1\" \/>\n<link rel=\"canonical\" href=\"https:\/\/prixgro.com\/ar\/product\/sensifine-ar-creme-spf50-40ml-svr-sv\/\" \/>\n<meta property=\"og:locale\" content=\"ar_AR\" \/>\n<meta property=\"og:type\" content=\"article\" \/>\n<meta property=\"og:title\" content=\"Sensifine AR Cr\u00e8me SPF50+ 40ML SVR SV - Prixgro\" \/>\n<meta property=\"og:description\" content=\"SENSIFINE AR Cr\u00e8me SPF50+ associe une tr\u00e8s haute protection \u00e0 des actifs apaisants et anti-rougeurs.Contenance: 40ml\" \/>\n<meta property=\"og:url\" content=\"https:\/\/prixgro.com\/ar\/product\/sensifine-ar-creme-spf50-40ml-svr-sv\/\" \/>\n<meta property=\"og:site_name\" content=\"Prixgro\" \/>\n<meta property=\"article:publisher\" content=\"https:\/\/www.facebook.com\/Pharmacima\" \/>\n<meta property=\"article:modified_time\" content=\"2024-08-21T12:56:49+00:00\" \/>\n<meta property=\"og:image\" content=\"https:\/\/prixgro.com\/wp-content\/uploads\/2023\/09\/sensifine-ar_spf50_2021_2000x2000_b96d3f99-9cf1-488f-bcc2-c2afdde772f2_600x600_crop_center.jpg\" \/>\n\t<meta property=\"og:image:width\" content=\"600\" \/>\n\t<meta property=\"og:image:height\" content=\"600\" \/>\n\t<meta property=\"og:image:type\" content=\"image\/jpeg\" \/>\n<meta name=\"twitter:card\" content=\"summary_large_image\" \/>\n<meta name=\"twitter:label1\" content=\"\u0648\u0642\u062a \u0627\u0644\u0642\u0631\u0627\u0621\u0629 \u0627\u0644\u0645\u064f\u0642\u062f\u0651\u0631\" \/>\n\t<meta name=\"twitter:data1\" content=\"\u062f\u0642\u064a\u0642\u0629 \u0648\u0627\u062d\u062f\u0629\" \/>\n<script type=\"application\/ld+json\" class=\"yoast-schema-graph\">{\"@context\":\"https:\/\/schema.org\",\"@graph\":[{\"@type\":\"WebPage\",\"@id\":\"https:\/\/prixgro.com\/product\/sensifine-ar-creme-spf50-40ml-svr-sv\/\",\"url\":\"https:\/\/prixgro.com\/product\/sensifine-ar-creme-spf50-40ml-svr-sv\/\",\"name\":\"Sensifine AR Cr\u00e8me SPF50+ 40ML SVR SV - Prixgro\",\"isPartOf\":{\"@id\":\"https:\/\/prixgro.com\/#website\"},\"primaryImageOfPage\":{\"@id\":\"https:\/\/prixgro.com\/product\/sensifine-ar-creme-spf50-40ml-svr-sv\/#primaryimage\"},\"image\":{\"@id\":\"https:\/\/prixgro.com\/product\/sensifine-ar-creme-spf50-40ml-svr-sv\/#primaryimage\"},\"thumbnailUrl\":\"https:\/\/prixgro.com\/wp-content\/uploads\/2023\/09\/sensifine-ar_spf50_2021_2000x2000_b96d3f99-9cf1-488f-bcc2-c2afdde772f2_600x600_crop_center.jpg\",\"datePublished\":\"2024-04-09T12:27:49+00:00\",\"dateModified\":\"2024-08-21T12:56:49+00:00\",\"breadcrumb\":{\"@id\":\"https:\/\/prixgro.com\/product\/sensifine-ar-creme-spf50-40ml-svr-sv\/#breadcrumb\"},\"inLanguage\":\"ar\",\"potentialAction\":[{\"@type\":\"ReadAction\",\"target\":[\"https:\/\/prixgro.com\/product\/sensifine-ar-creme-spf50-40ml-svr-sv\/\"]}]},{\"@type\":\"ImageObject\",\"inLanguage\":\"ar\",\"@id\":\"https:\/\/prixgro.com\/product\/sensifine-ar-creme-spf50-40ml-svr-sv\/#primaryimage\",\"url\":\"https:\/\/prixgro.com\/wp-content\/uploads\/2023\/09\/sensifine-ar_spf50_2021_2000x2000_b96d3f99-9cf1-488f-bcc2-c2afdde772f2_600x600_crop_center.jpg\",\"contentUrl\":\"https:\/\/prixgro.com\/wp-content\/uploads\/2023\/09\/sensifine-ar_spf50_2021_2000x2000_b96d3f99-9cf1-488f-bcc2-c2afdde772f2_600x600_crop_center.jpg\",\"width\":600,\"height\":600},{\"@type\":\"BreadcrumbList\",\"@id\":\"https:\/\/prixgro.com\/product\/sensifine-ar-creme-spf50-40ml-svr-sv\/#breadcrumb\",\"itemListElement\":[{\"@type\":\"ListItem\",\"position\":1,\"name\":\"Accueil\",\"item\":\"https:\/\/prixgro.com\/\"},{\"@type\":\"ListItem\",\"position\":2,\"name\":\"Boutique en ligne\",\"item\":\"https:\/\/prixgro.com\/shop\/\"},{\"@type\":\"ListItem\",\"position\":3,\"name\":\"Sensifine AR Cr\u00e8me SPF50+ 40ML SVR SV\"}]},{\"@type\":\"WebSite\",\"@id\":\"https:\/\/prixgro.com\/#website\",\"url\":\"https:\/\/prixgro.com\/\",\"name\":\"Prixgro.com\",\"description\":\"Para Pharmaceutique et Cosm\u00e9tique\",\"publisher\":{\"@id\":\"https:\/\/prixgro.com\/#organization\"},\"potentialAction\":[{\"@type\":\"SearchAction\",\"target\":{\"@type\":\"EntryPoint\",\"urlTemplate\":\"https:\/\/prixgro.com\/?s={search_term_string}\"},\"query-input\":{\"@type\":\"PropertyValueSpecification\",\"valueRequired\":true,\"valueName\":\"search_term_string\"}}],\"inLanguage\":\"ar\"},{\"@type\":\"Organization\",\"@id\":\"https:\/\/prixgro.com\/#organization\",\"name\":\"Prixgro\",\"url\":\"https:\/\/prixgro.com\/\",\"logo\":{\"@type\":\"ImageObject\",\"inLanguage\":\"ar\",\"@id\":\"https:\/\/prixgro.com\/#\/schema\/logo\/image\/\",\"url\":\"https:\/\/prixgro.com\/wp-content\/uploads\/2024\/08\/cropped-Nouveau-projet-2.png\",\"contentUrl\":\"https:\/\/prixgro.com\/wp-content\/uploads\/2024\/08\/cropped-Nouveau-projet-2.png\",\"width\":265,\"height\":62,\"caption\":\"Prixgro\"},\"image\":{\"@id\":\"https:\/\/prixgro.com\/#\/schema\/logo\/image\/\"},\"sameAs\":[\"https:\/\/www.facebook.com\/Pharmacima\"]}]}<\/script>\n<!-- \/ Yoast SEO plugin. -->","yoast_head_json":{"title":"Sensifine AR Cr\u00e8me SPF50+ 40ML SVR SV - Prixgro","robots":{"index":"index","follow":"follow","max-snippet":"max-snippet:-1","max-image-preview":"max-image-preview:large","max-video-preview":"max-video-preview:-1"},"canonical":"https:\/\/prixgro.com\/ar\/product\/sensifine-ar-creme-spf50-40ml-svr-sv\/","og_locale":"ar_AR","og_type":"article","og_title":"Sensifine AR Cr\u00e8me SPF50+ 40ML SVR SV - Prixgro","og_description":"SENSIFINE AR Cr\u00e8me SPF50+ associe une tr\u00e8s haute protection \u00e0 des actifs apaisants et anti-rougeurs.Contenance: 40ml","og_url":"https:\/\/prixgro.com\/ar\/product\/sensifine-ar-creme-spf50-40ml-svr-sv\/","og_site_name":"Prixgro","article_publisher":"https:\/\/www.facebook.com\/Pharmacima","article_modified_time":"2024-08-21T12:56:49+00:00","og_image":[{"width":600,"height":600,"url":"https:\/\/prixgro.com\/wp-content\/uploads\/2023\/09\/sensifine-ar_spf50_2021_2000x2000_b96d3f99-9cf1-488f-bcc2-c2afdde772f2_600x600_crop_center.jpg","type":"image\/jpeg"}],"twitter_card":"summary_large_image","twitter_misc":{"\u0648\u0642\u062a \u0627\u0644\u0642\u0631\u0627\u0621\u0629 \u0627\u0644\u0645\u064f\u0642\u062f\u0651\u0631":"\u062f\u0642\u064a\u0642\u0629 \u0648\u0627\u062d\u062f\u0629"},"schema":{"@context":"https:\/\/schema.org","@graph":[{"@type":"WebPage","@id":"https:\/\/prixgro.com\/product\/sensifine-ar-creme-spf50-40ml-svr-sv\/","url":"https:\/\/prixgro.com\/product\/sensifine-ar-creme-spf50-40ml-svr-sv\/","name":"Sensifine AR Cr\u00e8me SPF50+ 40ML SVR SV - Prixgro","isPartOf":{"@id":"https:\/\/prixgro.com\/#website"},"primaryImageOfPage":{"@id":"https:\/\/prixgro.com\/product\/sensifine-ar-creme-spf50-40ml-svr-sv\/#primaryimage"},"image":{"@id":"https:\/\/prixgro.com\/product\/sensifine-ar-creme-spf50-40ml-svr-sv\/#primaryimage"},"thumbnailUrl":"https:\/\/prixgro.com\/wp-content\/uploads\/2023\/09\/sensifine-ar_spf50_2021_2000x2000_b96d3f99-9cf1-488f-bcc2-c2afdde772f2_600x600_crop_center.jpg","datePublished":"2024-04-09T12:27:49+00:00","dateModified":"2024-08-21T12:56:49+00:00","breadcrumb":{"@id":"https:\/\/prixgro.com\/product\/sensifine-ar-creme-spf50-40ml-svr-sv\/#breadcrumb"},"inLanguage":"ar","potentialAction":[{"@type":"ReadAction","target":["https:\/\/prixgro.com\/product\/sensifine-ar-creme-spf50-40ml-svr-sv\/"]}]},{"@type":"ImageObject","inLanguage":"ar","@id":"https:\/\/prixgro.com\/product\/sensifine-ar-creme-spf50-40ml-svr-sv\/#primaryimage","url":"https:\/\/prixgro.com\/wp-content\/uploads\/2023\/09\/sensifine-ar_spf50_2021_2000x2000_b96d3f99-9cf1-488f-bcc2-c2afdde772f2_600x600_crop_center.jpg","contentUrl":"https:\/\/prixgro.com\/wp-content\/uploads\/2023\/09\/sensifine-ar_spf50_2021_2000x2000_b96d3f99-9cf1-488f-bcc2-c2afdde772f2_600x600_crop_center.jpg","width":600,"height":600},{"@type":"BreadcrumbList","@id":"https:\/\/prixgro.com\/product\/sensifine-ar-creme-spf50-40ml-svr-sv\/#breadcrumb","itemListElement":[{"@type":"ListItem","position":1,"name":"Accueil","item":"https:\/\/prixgro.com\/"},{"@type":"ListItem","position":2,"name":"Boutique en ligne","item":"https:\/\/prixgro.com\/shop\/"},{"@type":"ListItem","position":3,"name":"Sensifine AR Cr\u00e8me SPF50+ 40ML SVR SV"}]},{"@type":"WebSite","@id":"https:\/\/prixgro.com\/#website","url":"https:\/\/prixgro.com\/","name":"Prixgro.com","description":"Para Pharmaceutique et Cosm\u00e9tique","publisher":{"@id":"https:\/\/prixgro.com\/#organization"},"potentialAction":[{"@type":"SearchAction","target":{"@type":"EntryPoint","urlTemplate":"https:\/\/prixgro.com\/?s={search_term_string}"},"query-input":{"@type":"PropertyValueSpecification","valueRequired":true,"valueName":"search_term_string"}}],"inLanguage":"ar"},{"@type":"Organization","@id":"https:\/\/prixgro.com\/#organization","name":"Prixgro","url":"https:\/\/prixgro.com\/","logo":{"@type":"ImageObject","inLanguage":"ar","@id":"https:\/\/prixgro.com\/#\/schema\/logo\/image\/","url":"https:\/\/prixgro.com\/wp-content\/uploads\/2024\/08\/cropped-Nouveau-projet-2.png","contentUrl":"https:\/\/prixgro.com\/wp-content\/uploads\/2024\/08\/cropped-Nouveau-projet-2.png","width":265,"height":62,"caption":"Prixgro"},"image":{"@id":"https:\/\/prixgro.com\/#\/schema\/logo\/image\/"},"sameAs":["https:\/\/www.facebook.com\/Pharmacima"]}]}},"_links":{"self":[{"href":"https:\/\/prixgro.com\/ar\/wp-json\/wp\/v2\/product\/141619","targetHints":{"allow":["GET"]}}],"collection":[{"href":"https:\/\/prixgro.com\/ar\/wp-json\/wp\/v2\/product"}],"about":[{"href":"https:\/\/prixgro.com\/ar\/wp-json\/wp\/v2\/types\/product"}],"replies":[{"embeddable":true,"href":"https:\/\/prixgro.com\/ar\/wp-json\/wp\/v2\/comments?post=141619"}],"wp:featuredmedia":[{"embeddable":true,"href":"https:\/\/prixgro.com\/ar\/wp-json\/wp\/v2\/media\/1848"}],"wp:attachment":[{"href":"https:\/\/prixgro.com\/ar\/wp-json\/wp\/v2\/media?parent=141619"}],"wp:term":[{"taxonomy":"product_cat","embeddable":true,"href":"https:\/\/prixgro.com\/ar\/wp-json\/wp\/v2\/product_cat?post=141619"},{"taxonomy":"product_tag","embeddable":true,"href":"https:\/\/prixgro.com\/ar\/wp-json\/wp\/v2\/product_tag?post=141619"},{"taxonomy":"berocket_brand","embeddable":true,"href":"https:\/\/prixgro.com\/ar\/wp-json\/wp\/v2\/berocket_brand?post=141619"}],"curies":[{"name":"wp","href":"https:\/\/api.w.org\/{rel}","templated":true}]}}