{"id":141689,"date":"2024-04-09T14:28:20","date_gmt":"2024-04-09T12:28:20","guid":{"rendered":"https:\/\/cloodmanager.net\/?post_type=product&#038;p=141689"},"modified":"2024-08-21T14:51:52","modified_gmt":"2024-08-21T12:51:52","slug":"correcteur-cible-imperfections-localisee-a-i-15ml-effaclar-la-roche-posay-sv","status":"publish","type":"product","link":"https:\/\/prixgro.com\/ar\/product\/correcteur-cible-imperfections-localisee-a-i-15ml-effaclar-la-roche-posay-sv\/","title":{"rendered":"Correcteur Cible Imperfections Localis\u00e9e A.I. 15ML Effaclar LA ROCHE-POSAY &#8211; SV"},"content":{"rendered":"<div class=\"product-tabs\">\n<h3 class=\"tabs-title\"><strong>Description<\/strong><\/h3>\n<div class=\"std new-std\">\n<p>LA ROCHE-POSAY Effaclar A.I. Correcteur cibl\u00e9 Eruptions cutan\u00e9es Sans paraben 15ml<\/p>\n<p><span id=\"p18\">Le soin local intensif purge en profondeur l&#8217;imperfection pour acc\u00e9l\u00e9rer sa r\u00e9sorption et pr\u00e9venir les marques r\u00e9siduelles.<\/span><span id=\"p1\">\u00a0<\/span><br \/><span id=\"p2\">Sa formule assure une efficacit\u00e9 optimale avec :<\/span><span id=\"p3\">\u00a0<\/span><br \/><span id=\"p4\">&#8211;<\/span><span id=\"p5\">\u00a0le\u00a0<span id=\"14\" class=\"s-rg-t\">Niacinamide<\/span>\u00a0qui stoppe l&#8217;\u00e9volution de la pouss\u00e9e,\u00a0<\/span><br \/><span id=\"p6\">&#8211;<\/span><span id=\"p7\">\u00a0\u00e0 l&#8217;association\u00a0<span id=\"15\" class=\"s-rg-t\">piroctone<\/span>\u00a0<span id=\"16\" class=\"s-rg-t\">olamine\/glycacil<\/span>\u00a0qui \u00e9pure le foyer bact\u00e9rien afin de r\u00e9sorber l&#8217;imperfection,\u00a0<\/span><br \/><span id=\"p8\">&#8211;<\/span><span id=\"p9\">\u00a0le\u00a0<span id=\"17\" class=\"s-rg-t\">LHA<\/span>\u00a0micro-exfoliant et l&#8217;eau thermale de La Roche-Posay, r\u00e9paratrice, qui active le processus de r\u00e9g\u00e9n\u00e9ration de la peau.<\/span><span id=\"p10\">\u00a0<\/span><\/p>\n<p><span id=\"p11\">Rapidement, les imperfections disparaissent et la peau retrouve rapidement une surface parfaitement homog\u00e8ne.<\/span><span id=\"p12\">\u00a0<\/span><\/p>\n<\/div>\n<\/div>\n<div class=\"product-tabs\">\n<h3 class=\"tabs-title\"><strong>Conseils d&#8217;utilisation<\/strong><\/h3>\n<div class=\"std new-std\">\n<p>Appliquer localement, jusqu&#8217;\u00e0 disparition de l&#8217;imperfection.<\/p>\n<\/div>\n<\/div>\n<div class=\"product-tabs\">\n<h3 class=\"tabs-title\"><strong>Composition<\/strong><\/h3>\n<div class=\"std new-std\">\n<p>Formule INCI : Aqua \/ Water, Cyclohexasiloxane, Isonony Lisononanoate, Propylene Glycol, Isohexadecane, Niacinamide, Peg\u2212100stearate, Glyceryl Stearate, Cetylalcohol, Magnesium Aluminumsilicate, Kaolin, Carbomer, Sodiumhydroxide, Capryloyl Glycine, Capryloyl Salicylic Acid, Xanthang Um, Acrylatescopolymer, Isobutane, Salicylic Acid, Piroctoneolamine, Peg\u22124, Peg\u22124 Dilaurate, Peg\u22124 Laurate, Stearyl Alcohol, Myristylalcohol, Sodium Sulfate, Chlorhexidinedi Gluconate, Iodopropynyl Butylcarbamate, Parfum \/ Fragrance.<\/p>\n<hr>\n<p><em>Sans paraben.<br \/><\/em><em>Non com\u00e9dog\u00e8ne.\u00a0<\/em><\/p>\n<\/div>\n<\/div>","protected":false},"excerpt":{"rendered":"<h4>Une cr\u00e8me anti-boutons destin\u00e9e \u00e0 la peau grasse ou acn\u00e9ique<\/h4>\n<p>La\u00a0<strong>cr\u00e8me anti-boutons<\/strong>\u00a0d\u00e9velopp\u00e9e par La Roche-Posay\u00a0<strong>Effaclar AI<\/strong>\u00a0s\u2019utilise de mani\u00e8re cibl\u00e9e sur chaque bouton pour l\u2019assainir et le diminuer progressivement.<\/p>\n<p>Les marques d\u2019acn\u00e9 peuvent ainsi \u00eatre flout\u00e9es, pour que la peau sujette aux imperfections gagne en souplesse et en \u00e9clat.<\/p>\n<p><em><strong>Date de p\u00e9remption : 05-2024\u00a0<\/strong><\/em><\/p>","protected":false},"featured_media":2029,"comment_status":"open","ping_status":"closed","template":"","meta":[],"product_cat":[17,36],"product_tag":[480,125],"berocket_brand":[],"class_list":{"0":"post-141689","1":"product","2":"type-product","3":"status-publish","4":"has-post-thumbnail","6":"product_cat-soin-et-bien-etre","7":"product_cat-visage-soin-et-bien-etre","8":"product_tag-peaux-grasses-3","9":"product_tag-peaux-acneiques-2","11":"first","12":"outofstock","13":"shipping-taxable","14":"purchasable","15":"product-type-simple"},"yoast_head":"<!-- This site is optimized with the Yoast SEO plugin v24.8 - https:\/\/yoast.com\/wordpress\/plugins\/seo\/ -->\n<title>Correcteur Cible Imperfections Localis\u00e9e A.I. 15ML Effaclar LA ROCHE-POSAY - SV - Prixgro<\/title>\n<meta name=\"robots\" content=\"index, follow, max-snippet:-1, max-image-preview:large, max-video-preview:-1\" \/>\n<link rel=\"canonical\" href=\"https:\/\/prixgro.com\/ar\/product\/correcteur-cible-imperfections-localisee-a-i-15ml-effaclar-la-roche-posay-sv\/\" \/>\n<meta property=\"og:locale\" content=\"ar_AR\" \/>\n<meta property=\"og:type\" content=\"article\" \/>\n<meta property=\"og:title\" content=\"Correcteur Cible Imperfections Localis\u00e9e A.I. 15ML Effaclar LA ROCHE-POSAY - SV - Prixgro\" \/>\n<meta property=\"og:description\" content=\"Une cr\u00e8me anti-boutons destin\u00e9e \u00e0 la peau grasse ou acn\u00e9iqueLa\u00a0cr\u00e8me anti-boutons\u00a0d\u00e9velopp\u00e9e par La Roche-Posay\u00a0Effaclar AI\u00a0s\u2019utilise de mani\u00e8re cibl\u00e9e sur chaque bouton pour l\u2019assainir et le diminuer progressivement.Les marques d\u2019acn\u00e9 peuvent ainsi \u00eatre flout\u00e9es, pour que la peau sujette aux imperfections gagne en souplesse et en \u00e9clat.Date de p\u00e9remption : 05-2024\u00a0\" \/>\n<meta property=\"og:url\" content=\"https:\/\/prixgro.com\/ar\/product\/correcteur-cible-imperfections-localisee-a-i-15ml-effaclar-la-roche-posay-sv\/\" \/>\n<meta property=\"og:site_name\" content=\"Prixgro\" \/>\n<meta property=\"article:publisher\" content=\"https:\/\/www.facebook.com\/Pharmacima\" \/>\n<meta property=\"article:modified_time\" content=\"2024-08-21T12:51:52+00:00\" \/>\n<meta property=\"og:image\" content=\"https:\/\/prixgro.com\/wp-content\/uploads\/2023\/09\/correcteur-cible-imperfections-locales-15ml-effaclar-a.i.-la-roche-posa-e1621169126729.jpg\" \/>\n\t<meta property=\"og:image:width\" content=\"400\" \/>\n\t<meta property=\"og:image:height\" content=\"400\" \/>\n\t<meta property=\"og:image:type\" content=\"image\/jpeg\" \/>\n<meta name=\"twitter:card\" content=\"summary_large_image\" \/>\n<meta name=\"twitter:label1\" content=\"\u0648\u0642\u062a \u0627\u0644\u0642\u0631\u0627\u0621\u0629 \u0627\u0644\u0645\u064f\u0642\u062f\u0651\u0631\" \/>\n\t<meta name=\"twitter:data1\" content=\"\u062f\u0642\u064a\u0642\u0629 \u0648\u0627\u062d\u062f\u0629\" \/>\n<script type=\"application\/ld+json\" class=\"yoast-schema-graph\">{\"@context\":\"https:\/\/schema.org\",\"@graph\":[{\"@type\":\"WebPage\",\"@id\":\"https:\/\/prixgro.com\/product\/correcteur-cible-imperfections-localisee-a-i-15ml-effaclar-la-roche-posay-sv\/\",\"url\":\"https:\/\/prixgro.com\/product\/correcteur-cible-imperfections-localisee-a-i-15ml-effaclar-la-roche-posay-sv\/\",\"name\":\"Correcteur Cible Imperfections Localis\u00e9e A.I. 15ML Effaclar LA ROCHE-POSAY - SV - Prixgro\",\"isPartOf\":{\"@id\":\"https:\/\/prixgro.com\/#website\"},\"primaryImageOfPage\":{\"@id\":\"https:\/\/prixgro.com\/product\/correcteur-cible-imperfections-localisee-a-i-15ml-effaclar-la-roche-posay-sv\/#primaryimage\"},\"image\":{\"@id\":\"https:\/\/prixgro.com\/product\/correcteur-cible-imperfections-localisee-a-i-15ml-effaclar-la-roche-posay-sv\/#primaryimage\"},\"thumbnailUrl\":\"https:\/\/prixgro.com\/wp-content\/uploads\/2023\/09\/correcteur-cible-imperfections-locales-15ml-effaclar-a.i.-la-roche-posa-e1621169126729.jpg\",\"datePublished\":\"2024-04-09T12:28:20+00:00\",\"dateModified\":\"2024-08-21T12:51:52+00:00\",\"breadcrumb\":{\"@id\":\"https:\/\/prixgro.com\/product\/correcteur-cible-imperfections-localisee-a-i-15ml-effaclar-la-roche-posay-sv\/#breadcrumb\"},\"inLanguage\":\"ar\",\"potentialAction\":[{\"@type\":\"ReadAction\",\"target\":[\"https:\/\/prixgro.com\/product\/correcteur-cible-imperfections-localisee-a-i-15ml-effaclar-la-roche-posay-sv\/\"]}]},{\"@type\":\"ImageObject\",\"inLanguage\":\"ar\",\"@id\":\"https:\/\/prixgro.com\/product\/correcteur-cible-imperfections-localisee-a-i-15ml-effaclar-la-roche-posay-sv\/#primaryimage\",\"url\":\"https:\/\/prixgro.com\/wp-content\/uploads\/2023\/09\/correcteur-cible-imperfections-locales-15ml-effaclar-a.i.-la-roche-posa-e1621169126729.jpg\",\"contentUrl\":\"https:\/\/prixgro.com\/wp-content\/uploads\/2023\/09\/correcteur-cible-imperfections-locales-15ml-effaclar-a.i.-la-roche-posa-e1621169126729.jpg\",\"width\":400,\"height\":400},{\"@type\":\"BreadcrumbList\",\"@id\":\"https:\/\/prixgro.com\/product\/correcteur-cible-imperfections-localisee-a-i-15ml-effaclar-la-roche-posay-sv\/#breadcrumb\",\"itemListElement\":[{\"@type\":\"ListItem\",\"position\":1,\"name\":\"Accueil\",\"item\":\"https:\/\/prixgro.com\/\"},{\"@type\":\"ListItem\",\"position\":2,\"name\":\"Boutique en ligne\",\"item\":\"https:\/\/prixgro.com\/shop\/\"},{\"@type\":\"ListItem\",\"position\":3,\"name\":\"Correcteur Cible Imperfections Localis\u00e9e A.I. 15ML Effaclar LA ROCHE-POSAY &#8211; SV\"}]},{\"@type\":\"WebSite\",\"@id\":\"https:\/\/prixgro.com\/#website\",\"url\":\"https:\/\/prixgro.com\/\",\"name\":\"Prixgro.com\",\"description\":\"Para Pharmaceutique et Cosm\u00e9tique\",\"publisher\":{\"@id\":\"https:\/\/prixgro.com\/#organization\"},\"potentialAction\":[{\"@type\":\"SearchAction\",\"target\":{\"@type\":\"EntryPoint\",\"urlTemplate\":\"https:\/\/prixgro.com\/?s={search_term_string}\"},\"query-input\":{\"@type\":\"PropertyValueSpecification\",\"valueRequired\":true,\"valueName\":\"search_term_string\"}}],\"inLanguage\":\"ar\"},{\"@type\":\"Organization\",\"@id\":\"https:\/\/prixgro.com\/#organization\",\"name\":\"Prixgro\",\"url\":\"https:\/\/prixgro.com\/\",\"logo\":{\"@type\":\"ImageObject\",\"inLanguage\":\"ar\",\"@id\":\"https:\/\/prixgro.com\/#\/schema\/logo\/image\/\",\"url\":\"https:\/\/prixgro.com\/wp-content\/uploads\/2024\/08\/cropped-Nouveau-projet-2.png\",\"contentUrl\":\"https:\/\/prixgro.com\/wp-content\/uploads\/2024\/08\/cropped-Nouveau-projet-2.png\",\"width\":265,\"height\":62,\"caption\":\"Prixgro\"},\"image\":{\"@id\":\"https:\/\/prixgro.com\/#\/schema\/logo\/image\/\"},\"sameAs\":[\"https:\/\/www.facebook.com\/Pharmacima\"]}]}<\/script>\n<!-- \/ Yoast SEO plugin. -->","yoast_head_json":{"title":"Correcteur Cible Imperfections Localis\u00e9e A.I. 15ML Effaclar LA ROCHE-POSAY - SV - Prixgro","robots":{"index":"index","follow":"follow","max-snippet":"max-snippet:-1","max-image-preview":"max-image-preview:large","max-video-preview":"max-video-preview:-1"},"canonical":"https:\/\/prixgro.com\/ar\/product\/correcteur-cible-imperfections-localisee-a-i-15ml-effaclar-la-roche-posay-sv\/","og_locale":"ar_AR","og_type":"article","og_title":"Correcteur Cible Imperfections Localis\u00e9e A.I. 15ML Effaclar LA ROCHE-POSAY - SV - Prixgro","og_description":"Une cr\u00e8me anti-boutons destin\u00e9e \u00e0 la peau grasse ou acn\u00e9iqueLa\u00a0cr\u00e8me anti-boutons\u00a0d\u00e9velopp\u00e9e par La Roche-Posay\u00a0Effaclar AI\u00a0s\u2019utilise de mani\u00e8re cibl\u00e9e sur chaque bouton pour l\u2019assainir et le diminuer progressivement.Les marques d\u2019acn\u00e9 peuvent ainsi \u00eatre flout\u00e9es, pour que la peau sujette aux imperfections gagne en souplesse et en \u00e9clat.Date de p\u00e9remption : 05-2024\u00a0","og_url":"https:\/\/prixgro.com\/ar\/product\/correcteur-cible-imperfections-localisee-a-i-15ml-effaclar-la-roche-posay-sv\/","og_site_name":"Prixgro","article_publisher":"https:\/\/www.facebook.com\/Pharmacima","article_modified_time":"2024-08-21T12:51:52+00:00","og_image":[{"width":400,"height":400,"url":"https:\/\/prixgro.com\/wp-content\/uploads\/2023\/09\/correcteur-cible-imperfections-locales-15ml-effaclar-a.i.-la-roche-posa-e1621169126729.jpg","type":"image\/jpeg"}],"twitter_card":"summary_large_image","twitter_misc":{"\u0648\u0642\u062a \u0627\u0644\u0642\u0631\u0627\u0621\u0629 \u0627\u0644\u0645\u064f\u0642\u062f\u0651\u0631":"\u062f\u0642\u064a\u0642\u0629 \u0648\u0627\u062d\u062f\u0629"},"schema":{"@context":"https:\/\/schema.org","@graph":[{"@type":"WebPage","@id":"https:\/\/prixgro.com\/product\/correcteur-cible-imperfections-localisee-a-i-15ml-effaclar-la-roche-posay-sv\/","url":"https:\/\/prixgro.com\/product\/correcteur-cible-imperfections-localisee-a-i-15ml-effaclar-la-roche-posay-sv\/","name":"Correcteur Cible Imperfections Localis\u00e9e A.I. 15ML Effaclar LA ROCHE-POSAY - SV - Prixgro","isPartOf":{"@id":"https:\/\/prixgro.com\/#website"},"primaryImageOfPage":{"@id":"https:\/\/prixgro.com\/product\/correcteur-cible-imperfections-localisee-a-i-15ml-effaclar-la-roche-posay-sv\/#primaryimage"},"image":{"@id":"https:\/\/prixgro.com\/product\/correcteur-cible-imperfections-localisee-a-i-15ml-effaclar-la-roche-posay-sv\/#primaryimage"},"thumbnailUrl":"https:\/\/prixgro.com\/wp-content\/uploads\/2023\/09\/correcteur-cible-imperfections-locales-15ml-effaclar-a.i.-la-roche-posa-e1621169126729.jpg","datePublished":"2024-04-09T12:28:20+00:00","dateModified":"2024-08-21T12:51:52+00:00","breadcrumb":{"@id":"https:\/\/prixgro.com\/product\/correcteur-cible-imperfections-localisee-a-i-15ml-effaclar-la-roche-posay-sv\/#breadcrumb"},"inLanguage":"ar","potentialAction":[{"@type":"ReadAction","target":["https:\/\/prixgro.com\/product\/correcteur-cible-imperfections-localisee-a-i-15ml-effaclar-la-roche-posay-sv\/"]}]},{"@type":"ImageObject","inLanguage":"ar","@id":"https:\/\/prixgro.com\/product\/correcteur-cible-imperfections-localisee-a-i-15ml-effaclar-la-roche-posay-sv\/#primaryimage","url":"https:\/\/prixgro.com\/wp-content\/uploads\/2023\/09\/correcteur-cible-imperfections-locales-15ml-effaclar-a.i.-la-roche-posa-e1621169126729.jpg","contentUrl":"https:\/\/prixgro.com\/wp-content\/uploads\/2023\/09\/correcteur-cible-imperfections-locales-15ml-effaclar-a.i.-la-roche-posa-e1621169126729.jpg","width":400,"height":400},{"@type":"BreadcrumbList","@id":"https:\/\/prixgro.com\/product\/correcteur-cible-imperfections-localisee-a-i-15ml-effaclar-la-roche-posay-sv\/#breadcrumb","itemListElement":[{"@type":"ListItem","position":1,"name":"Accueil","item":"https:\/\/prixgro.com\/"},{"@type":"ListItem","position":2,"name":"Boutique en ligne","item":"https:\/\/prixgro.com\/shop\/"},{"@type":"ListItem","position":3,"name":"Correcteur Cible Imperfections Localis\u00e9e A.I. 15ML Effaclar LA ROCHE-POSAY &#8211; SV"}]},{"@type":"WebSite","@id":"https:\/\/prixgro.com\/#website","url":"https:\/\/prixgro.com\/","name":"Prixgro.com","description":"Para Pharmaceutique et Cosm\u00e9tique","publisher":{"@id":"https:\/\/prixgro.com\/#organization"},"potentialAction":[{"@type":"SearchAction","target":{"@type":"EntryPoint","urlTemplate":"https:\/\/prixgro.com\/?s={search_term_string}"},"query-input":{"@type":"PropertyValueSpecification","valueRequired":true,"valueName":"search_term_string"}}],"inLanguage":"ar"},{"@type":"Organization","@id":"https:\/\/prixgro.com\/#organization","name":"Prixgro","url":"https:\/\/prixgro.com\/","logo":{"@type":"ImageObject","inLanguage":"ar","@id":"https:\/\/prixgro.com\/#\/schema\/logo\/image\/","url":"https:\/\/prixgro.com\/wp-content\/uploads\/2024\/08\/cropped-Nouveau-projet-2.png","contentUrl":"https:\/\/prixgro.com\/wp-content\/uploads\/2024\/08\/cropped-Nouveau-projet-2.png","width":265,"height":62,"caption":"Prixgro"},"image":{"@id":"https:\/\/prixgro.com\/#\/schema\/logo\/image\/"},"sameAs":["https:\/\/www.facebook.com\/Pharmacima"]}]}},"_links":{"self":[{"href":"https:\/\/prixgro.com\/ar\/wp-json\/wp\/v2\/product\/141689","targetHints":{"allow":["GET"]}}],"collection":[{"href":"https:\/\/prixgro.com\/ar\/wp-json\/wp\/v2\/product"}],"about":[{"href":"https:\/\/prixgro.com\/ar\/wp-json\/wp\/v2\/types\/product"}],"replies":[{"embeddable":true,"href":"https:\/\/prixgro.com\/ar\/wp-json\/wp\/v2\/comments?post=141689"}],"wp:featuredmedia":[{"embeddable":true,"href":"https:\/\/prixgro.com\/ar\/wp-json\/wp\/v2\/media\/2029"}],"wp:attachment":[{"href":"https:\/\/prixgro.com\/ar\/wp-json\/wp\/v2\/media?parent=141689"}],"wp:term":[{"taxonomy":"product_cat","embeddable":true,"href":"https:\/\/prixgro.com\/ar\/wp-json\/wp\/v2\/product_cat?post=141689"},{"taxonomy":"product_tag","embeddable":true,"href":"https:\/\/prixgro.com\/ar\/wp-json\/wp\/v2\/product_tag?post=141689"},{"taxonomy":"berocket_brand","embeddable":true,"href":"https:\/\/prixgro.com\/ar\/wp-json\/wp\/v2\/berocket_brand?post=141689"}],"curies":[{"name":"wp","href":"https:\/\/api.w.org\/{rel}","templated":true}]}}