{"id":142500,"date":"2024-04-09T14:33:36","date_gmt":"2024-04-09T12:33:36","guid":{"rendered":"https:\/\/cloodmanager.net\/?post_type=product&#038;p=142500"},"modified":"2024-08-08T13:21:45","modified_gmt":"2024-08-08T11:21:45","slug":"pack-de-fin-dannee-hydratation-hiver","status":"publish","type":"product","link":"https:\/\/prixgro.com\/ar\/product\/pack-de-fin-dannee-hydratation-hiver\/","title":{"rendered":"Pack de Fin D\u2019ann\u00e9e Hydratation Hiver"},"content":{"rendered":"<h2><strong>DESCRIPTION :<\/strong><\/h2>\n<p>Que vous cherchiez une protection quotidienne contre les agressions hivernales ou une solution cibl\u00e9e pour les zones s\u00e8ches et rugueuses, notre collection d&#8217;hydratants hivernaux est votre alli\u00e9e incontournable.<\/p>\n<p>Affrontez le froid en toute confiance, en arborant une peau \u00e9clatante et hydrat\u00e9e, gr\u00e2ce \u00e0 nos formules expertes con\u00e7ues pour r\u00e9pondre aux besoins sp\u00e9cifiques de votre peau pendant la saison hivernale.<\/p>\n<p>Red\u00e9couvrez le plaisir d&#8217;une peau saine et \u00e9clatante, m\u00eame par temps glacial.<\/p>\n<p>TOPIALYSE LEVRES est un soin sp\u00e9cialement con\u00e7u pour les l\u00e8vres sensibles, ab\u00eem\u00e9es et dess\u00e9ch\u00e9es. Retrouvez un confort longue dur\u00e9e gr\u00e2ce \u00e0 sa formule haute tol\u00e9rance enrichie en Om\u00e9ga 3, 6 et 9.<\/p>\n<p><strong>La Cr\u00e8me Mains R\u00e9paratrice Pour les Mains Ab\u00eem\u00e9es et les S\u00e9cheresses S\u00e9v\u00e8res de CeraVe<\/strong>\u00a0est sp\u00e9cialement con\u00e7ue pour r\u00e9pondre aux besoins des mains s\u00e8ches \u00e0 tr\u00e8s s\u00e8ches. Elle r\u00e9pare en profondeur les mains, \u00e9limine les crevasses, apaise et nourrit intens\u00e9ment la peau gr\u00e2ce \u00e0 la synergie d\u2019action des trois c\u00e9ramides essentiels d\u2019acide hyaluronique pr\u00e9sents dans sa formule qui vont \u00a0renforcer la barri\u00e8re cutan\u00e9e.<\/p>\n<h2><strong>CONSEIL D&#8217;UTILISATION :<\/strong><\/h2>\n<p>Appliquer g\u00e9n\u00e9reusement aussi souvent que n\u00e9cessaire.<\/p>\n<h2><strong>COMPOSITION :<\/strong><\/h2>\n<p><strong><em>cerave cr\u00e8me mains <\/em><\/strong><\/p>\n<p>Aqua\/Water, Glycerin, Cetearyl Alcohol, Caprylic\/Capric Triglyceride, Cetyl Alcohol, Ceteareth-20, Petrolatum, Behentrimonium Methosulfate, Carbomer, Ceramide AP, Ceramide EOP, Ceramide NP, Cholesterol, Dimethicone, Dipotassium Phosphate, Disodium EDTA, Ethylhexylglycerin, Phenoxyethanol, Phytosphingosine, Potassium Phosphate, Sodium Hyaluronate, Sodium Lauroyl Lactylate, Tocopherol, Xanthan Gum.<\/p>\n<p><strong><em>Stick l\u00e8vres <\/em><\/strong><\/p>\n<p>INGREDIENTS : RICINUS COMMUNIS (CASTOR) SEED OIL, CAPRYLIC\/CAPRIC TRIGLYCERIDE, HELIANTHUS ANNUUS (SUNFLOWER) SEED OIL, OLEIC\/LINOLEIC\/LINOLENIC POLYGLYCERIDES, HELIANTHUS ANNUUS (SUNFLOWER) SEED WAX, BUTYROSPERMUM PARKII (SHEA) BUTTER, HYDROGENATED CASTOR OIL, CERA CARNAUBA\/COPERNICIA CERIFERA (CARNAUBA) WAX\/CIRE DE CARNAUBA, CAMELINA SATIVA SEED OIL, TOCOPHEROL, ASCORBYL PALMITATE, CITRIC ACID<\/p>","protected":false},"excerpt":{"rendered":"<p>DESCRIPTION : Que vous cherchiez une protection quotidienne contre les agressions hivernales ou une solution cibl\u00e9e pour les zones s\u00e8ches&#8230;<\/p>","protected":false},"featured_media":12085,"comment_status":"open","ping_status":"closed","template":"","meta":[],"product_cat":[37,65,17],"product_tag":[],"berocket_brand":[645,751],"class_list":{"0":"post-142500","1":"product","2":"type-product","3":"status-publish","4":"has-post-thumbnail","6":"product_cat-levres","7":"product_cat-mains","8":"product_cat-soin-et-bien-etre","9":"berocket_brand-cerave","10":"berocket_brand-svr","12":"first","13":"outofstock","14":"shipping-taxable","15":"purchasable","16":"product-type-simple"},"yoast_head":"<!-- This site is optimized with the Yoast SEO plugin v24.8 - https:\/\/yoast.com\/wordpress\/plugins\/seo\/ -->\n<title>Pack de Fin D\u2019ann\u00e9e Hydratation Hiver - Prixgro<\/title>\n<meta name=\"description\" content=\"Que vous cherchiez une protection quotidienne contre les agressions hivernales ou une solution cibl\u00e9e pour les zones s\u00e8ches et rugueuses,\" \/>\n<meta name=\"robots\" content=\"index, follow, max-snippet:-1, max-image-preview:large, max-video-preview:-1\" \/>\n<link rel=\"canonical\" href=\"https:\/\/prixgro.com\/ar\/product\/pack-de-fin-dannee-hydratation-hiver\/\" \/>\n<meta property=\"og:locale\" content=\"ar_AR\" \/>\n<meta property=\"og:type\" content=\"article\" \/>\n<meta property=\"og:title\" content=\"Pack de Fin D\u2019ann\u00e9e Hydratation Hiver - Prixgro\" \/>\n<meta property=\"og:description\" content=\"Que vous cherchiez une protection quotidienne contre les agressions hivernales ou une solution cibl\u00e9e pour les zones s\u00e8ches et rugueuses,\" \/>\n<meta property=\"og:url\" content=\"https:\/\/prixgro.com\/ar\/product\/pack-de-fin-dannee-hydratation-hiver\/\" \/>\n<meta property=\"og:site_name\" content=\"Prixgro\" \/>\n<meta property=\"article:publisher\" content=\"https:\/\/www.facebook.com\/Pharmacima\" \/>\n<meta property=\"article:modified_time\" content=\"2024-08-08T11:21:45+00:00\" \/>\n<meta property=\"og:image\" content=\"https:\/\/prixgro.com\/wp-content\/uploads\/2024\/01\/Promotion-FIN-DANNEE-cerave.png\" \/>\n\t<meta property=\"og:image:width\" content=\"540\" \/>\n\t<meta property=\"og:image:height\" content=\"540\" \/>\n\t<meta property=\"og:image:type\" content=\"image\/png\" \/>\n<meta name=\"twitter:card\" content=\"summary_large_image\" \/>\n<meta name=\"twitter:label1\" content=\"\u0648\u0642\u062a \u0627\u0644\u0642\u0631\u0627\u0621\u0629 \u0627\u0644\u0645\u064f\u0642\u062f\u0651\u0631\" \/>\n\t<meta name=\"twitter:data1\" content=\"\u062f\u0642\u064a\u0642\u062a\u0627\u0646\" \/>\n<script type=\"application\/ld+json\" class=\"yoast-schema-graph\">{\"@context\":\"https:\/\/schema.org\",\"@graph\":[{\"@type\":\"WebPage\",\"@id\":\"https:\/\/prixgro.com\/product\/pack-de-fin-dannee-hydratation-hiver\/\",\"url\":\"https:\/\/prixgro.com\/product\/pack-de-fin-dannee-hydratation-hiver\/\",\"name\":\"Pack de Fin D\u2019ann\u00e9e Hydratation Hiver - Prixgro\",\"isPartOf\":{\"@id\":\"https:\/\/prixgro.com\/#website\"},\"primaryImageOfPage\":{\"@id\":\"https:\/\/prixgro.com\/product\/pack-de-fin-dannee-hydratation-hiver\/#primaryimage\"},\"image\":{\"@id\":\"https:\/\/prixgro.com\/product\/pack-de-fin-dannee-hydratation-hiver\/#primaryimage\"},\"thumbnailUrl\":\"https:\/\/prixgro.com\/wp-content\/uploads\/2024\/01\/Promotion-FIN-DANNEE-cerave.png\",\"datePublished\":\"2024-04-09T12:33:36+00:00\",\"dateModified\":\"2024-08-08T11:21:45+00:00\",\"description\":\"Que vous cherchiez une protection quotidienne contre les agressions hivernales ou une solution cibl\u00e9e pour les zones s\u00e8ches et rugueuses,\",\"breadcrumb\":{\"@id\":\"https:\/\/prixgro.com\/product\/pack-de-fin-dannee-hydratation-hiver\/#breadcrumb\"},\"inLanguage\":\"ar\",\"potentialAction\":[{\"@type\":\"ReadAction\",\"target\":[\"https:\/\/prixgro.com\/product\/pack-de-fin-dannee-hydratation-hiver\/\"]}]},{\"@type\":\"ImageObject\",\"inLanguage\":\"ar\",\"@id\":\"https:\/\/prixgro.com\/product\/pack-de-fin-dannee-hydratation-hiver\/#primaryimage\",\"url\":\"https:\/\/prixgro.com\/wp-content\/uploads\/2024\/01\/Promotion-FIN-DANNEE-cerave.png\",\"contentUrl\":\"https:\/\/prixgro.com\/wp-content\/uploads\/2024\/01\/Promotion-FIN-DANNEE-cerave.png\",\"width\":540,\"height\":540},{\"@type\":\"BreadcrumbList\",\"@id\":\"https:\/\/prixgro.com\/product\/pack-de-fin-dannee-hydratation-hiver\/#breadcrumb\",\"itemListElement\":[{\"@type\":\"ListItem\",\"position\":1,\"name\":\"Accueil\",\"item\":\"https:\/\/prixgro.com\/\"},{\"@type\":\"ListItem\",\"position\":2,\"name\":\"Boutique en ligne\",\"item\":\"https:\/\/prixgro.com\/shop\/\"},{\"@type\":\"ListItem\",\"position\":3,\"name\":\"Pack de Fin D\u2019ann\u00e9e Hydratation Hiver\"}]},{\"@type\":\"WebSite\",\"@id\":\"https:\/\/prixgro.com\/#website\",\"url\":\"https:\/\/prixgro.com\/\",\"name\":\"Prixgro.com\",\"description\":\"Para Pharmaceutique et Cosm\u00e9tique\",\"publisher\":{\"@id\":\"https:\/\/prixgro.com\/#organization\"},\"potentialAction\":[{\"@type\":\"SearchAction\",\"target\":{\"@type\":\"EntryPoint\",\"urlTemplate\":\"https:\/\/prixgro.com\/?s={search_term_string}\"},\"query-input\":{\"@type\":\"PropertyValueSpecification\",\"valueRequired\":true,\"valueName\":\"search_term_string\"}}],\"inLanguage\":\"ar\"},{\"@type\":\"Organization\",\"@id\":\"https:\/\/prixgro.com\/#organization\",\"name\":\"Prixgro\",\"url\":\"https:\/\/prixgro.com\/\",\"logo\":{\"@type\":\"ImageObject\",\"inLanguage\":\"ar\",\"@id\":\"https:\/\/prixgro.com\/#\/schema\/logo\/image\/\",\"url\":\"https:\/\/prixgro.com\/wp-content\/uploads\/2024\/08\/cropped-Nouveau-projet-2.png\",\"contentUrl\":\"https:\/\/prixgro.com\/wp-content\/uploads\/2024\/08\/cropped-Nouveau-projet-2.png\",\"width\":265,\"height\":62,\"caption\":\"Prixgro\"},\"image\":{\"@id\":\"https:\/\/prixgro.com\/#\/schema\/logo\/image\/\"},\"sameAs\":[\"https:\/\/www.facebook.com\/Pharmacima\"]}]}<\/script>\n<!-- \/ Yoast SEO plugin. -->","yoast_head_json":{"title":"Pack de Fin D\u2019ann\u00e9e Hydratation Hiver - Prixgro","description":"Que vous cherchiez une protection quotidienne contre les agressions hivernales ou une solution cibl\u00e9e pour les zones s\u00e8ches et rugueuses,","robots":{"index":"index","follow":"follow","max-snippet":"max-snippet:-1","max-image-preview":"max-image-preview:large","max-video-preview":"max-video-preview:-1"},"canonical":"https:\/\/prixgro.com\/ar\/product\/pack-de-fin-dannee-hydratation-hiver\/","og_locale":"ar_AR","og_type":"article","og_title":"Pack de Fin D\u2019ann\u00e9e Hydratation Hiver - Prixgro","og_description":"Que vous cherchiez une protection quotidienne contre les agressions hivernales ou une solution cibl\u00e9e pour les zones s\u00e8ches et rugueuses,","og_url":"https:\/\/prixgro.com\/ar\/product\/pack-de-fin-dannee-hydratation-hiver\/","og_site_name":"Prixgro","article_publisher":"https:\/\/www.facebook.com\/Pharmacima","article_modified_time":"2024-08-08T11:21:45+00:00","og_image":[{"width":540,"height":540,"url":"https:\/\/prixgro.com\/wp-content\/uploads\/2024\/01\/Promotion-FIN-DANNEE-cerave.png","type":"image\/png"}],"twitter_card":"summary_large_image","twitter_misc":{"\u0648\u0642\u062a \u0627\u0644\u0642\u0631\u0627\u0621\u0629 \u0627\u0644\u0645\u064f\u0642\u062f\u0651\u0631":"\u062f\u0642\u064a\u0642\u062a\u0627\u0646"},"schema":{"@context":"https:\/\/schema.org","@graph":[{"@type":"WebPage","@id":"https:\/\/prixgro.com\/product\/pack-de-fin-dannee-hydratation-hiver\/","url":"https:\/\/prixgro.com\/product\/pack-de-fin-dannee-hydratation-hiver\/","name":"Pack de Fin D\u2019ann\u00e9e Hydratation Hiver - Prixgro","isPartOf":{"@id":"https:\/\/prixgro.com\/#website"},"primaryImageOfPage":{"@id":"https:\/\/prixgro.com\/product\/pack-de-fin-dannee-hydratation-hiver\/#primaryimage"},"image":{"@id":"https:\/\/prixgro.com\/product\/pack-de-fin-dannee-hydratation-hiver\/#primaryimage"},"thumbnailUrl":"https:\/\/prixgro.com\/wp-content\/uploads\/2024\/01\/Promotion-FIN-DANNEE-cerave.png","datePublished":"2024-04-09T12:33:36+00:00","dateModified":"2024-08-08T11:21:45+00:00","description":"Que vous cherchiez une protection quotidienne contre les agressions hivernales ou une solution cibl\u00e9e pour les zones s\u00e8ches et rugueuses,","breadcrumb":{"@id":"https:\/\/prixgro.com\/product\/pack-de-fin-dannee-hydratation-hiver\/#breadcrumb"},"inLanguage":"ar","potentialAction":[{"@type":"ReadAction","target":["https:\/\/prixgro.com\/product\/pack-de-fin-dannee-hydratation-hiver\/"]}]},{"@type":"ImageObject","inLanguage":"ar","@id":"https:\/\/prixgro.com\/product\/pack-de-fin-dannee-hydratation-hiver\/#primaryimage","url":"https:\/\/prixgro.com\/wp-content\/uploads\/2024\/01\/Promotion-FIN-DANNEE-cerave.png","contentUrl":"https:\/\/prixgro.com\/wp-content\/uploads\/2024\/01\/Promotion-FIN-DANNEE-cerave.png","width":540,"height":540},{"@type":"BreadcrumbList","@id":"https:\/\/prixgro.com\/product\/pack-de-fin-dannee-hydratation-hiver\/#breadcrumb","itemListElement":[{"@type":"ListItem","position":1,"name":"Accueil","item":"https:\/\/prixgro.com\/"},{"@type":"ListItem","position":2,"name":"Boutique en ligne","item":"https:\/\/prixgro.com\/shop\/"},{"@type":"ListItem","position":3,"name":"Pack de Fin D\u2019ann\u00e9e Hydratation Hiver"}]},{"@type":"WebSite","@id":"https:\/\/prixgro.com\/#website","url":"https:\/\/prixgro.com\/","name":"Prixgro.com","description":"Para Pharmaceutique et Cosm\u00e9tique","publisher":{"@id":"https:\/\/prixgro.com\/#organization"},"potentialAction":[{"@type":"SearchAction","target":{"@type":"EntryPoint","urlTemplate":"https:\/\/prixgro.com\/?s={search_term_string}"},"query-input":{"@type":"PropertyValueSpecification","valueRequired":true,"valueName":"search_term_string"}}],"inLanguage":"ar"},{"@type":"Organization","@id":"https:\/\/prixgro.com\/#organization","name":"Prixgro","url":"https:\/\/prixgro.com\/","logo":{"@type":"ImageObject","inLanguage":"ar","@id":"https:\/\/prixgro.com\/#\/schema\/logo\/image\/","url":"https:\/\/prixgro.com\/wp-content\/uploads\/2024\/08\/cropped-Nouveau-projet-2.png","contentUrl":"https:\/\/prixgro.com\/wp-content\/uploads\/2024\/08\/cropped-Nouveau-projet-2.png","width":265,"height":62,"caption":"Prixgro"},"image":{"@id":"https:\/\/prixgro.com\/#\/schema\/logo\/image\/"},"sameAs":["https:\/\/www.facebook.com\/Pharmacima"]}]}},"_links":{"self":[{"href":"https:\/\/prixgro.com\/ar\/wp-json\/wp\/v2\/product\/142500","targetHints":{"allow":["GET"]}}],"collection":[{"href":"https:\/\/prixgro.com\/ar\/wp-json\/wp\/v2\/product"}],"about":[{"href":"https:\/\/prixgro.com\/ar\/wp-json\/wp\/v2\/types\/product"}],"replies":[{"embeddable":true,"href":"https:\/\/prixgro.com\/ar\/wp-json\/wp\/v2\/comments?post=142500"}],"wp:featuredmedia":[{"embeddable":true,"href":"https:\/\/prixgro.com\/ar\/wp-json\/wp\/v2\/media\/12085"}],"wp:attachment":[{"href":"https:\/\/prixgro.com\/ar\/wp-json\/wp\/v2\/media?parent=142500"}],"wp:term":[{"taxonomy":"product_cat","embeddable":true,"href":"https:\/\/prixgro.com\/ar\/wp-json\/wp\/v2\/product_cat?post=142500"},{"taxonomy":"product_tag","embeddable":true,"href":"https:\/\/prixgro.com\/ar\/wp-json\/wp\/v2\/product_tag?post=142500"},{"taxonomy":"berocket_brand","embeddable":true,"href":"https:\/\/prixgro.com\/ar\/wp-json\/wp\/v2\/berocket_brand?post=142500"}],"curies":[{"name":"wp","href":"https:\/\/api.w.org\/{rel}","templated":true}]}}